{"id":1095,"date":"2015-04-24T14:10:35","date_gmt":"2015-04-24T14:10:35","guid":{"rendered":"http:\/\/piekarska.com.pl\/?page_id=1095"},"modified":"2015-04-24T14:10:35","modified_gmt":"2015-04-24T14:10:35","slug":"przeklete-dziedzictwo","status":"publish","type":"page","link":"http:\/\/piekarska.com.pl\/?page_id=1095","title":{"rendered":"Przekl\u0119te dziedzictwo"},"content":{"rendered":"<p>By\u0142am z wizyta u znajomych, kiedy radio nada\u0142o piosenk\u0119 braci Cugowskich. Dyskusja wywi\u0105za\u0142a si\u0119 od razu. Robi\u0105 karier\u0119 dzi\u0119ki ojcu. Taki zarzut pad\u0142 ze strony jednego z kumpli. Potem posypa\u0142 si\u0119 g\u0142osy, \u017ce gdy ma si\u0119 s\u0142awnych rodzic\u00f3w \u0142atwiej jest samamu zrobi\u0107 karier\u0119. I mo\u017cna nie mie\u0107 talentu! Rzecz tyczy oczywi\u015bcie \u015brodowisk artystycznych. Lista nazwisk wylecia\u0142a z szybko\u015bci\u0105 ponadd\u017awi\u0119kow\u0105. Cugowscy to pryszcz! A tacy Dami\u0119ccy? Grzesiek i Mateusz? A panny Niemen? A panna Pamela Bem? Przecie\u017c kariery nie robi dlatego, \u017ce jest imienniczk\u0105 niejakiej Andersson z mas\u0105 silikonu w biu\u015bcie, ale dzi\u0119ki s\u0142awnej mamie. A Agata M\u0142ynarska? A Gra\u017cyna Torbicka c\u00f3rka Krystyny Loski? A&#8230; Enrique Iglesias? A Charlie Sheen i Emilio Estevez? A Michael Douglas? A Jamie Lee Curtis? A Natalia Kukulska?<\/p>\n<p>Ech&#8230; ci\u0119\u017ckie jest \u017cycie gdy ma si\u0119 znanych rodzic\u00f3w. Wiem co\u015b o tym. M\u00f3j ojciec by\u0142 do\u015b\u0107 znanym dziennikarzem. Przesz\u0142o 30 lat przepracowa\u0142 w Telewizji Polskiej. Prowadzi\u0142 wiele program\u00f3w, mi\u0119dzy innymi Telewizyjny Informator Wydawniczy &#8211; popularny program o ksi\u0105\u017ckach. Przez ostatnich pi\u0119tna\u015bcie lat by\u0142 dziennikarzem Telewizyjnego Kuriera Warszawskiego i prowadzi\u0142 Magazyn Kombatancki &#8222;Wiarus&#8221;, gdy\u017c zajmowa\u0142 si\u0119 sprawami drugiej wojny \u015bwiatowej. Wchodzenie z nim do sklepu budzi\u0142o sensacje. To\u017c samo tankowanie benzyny. Nienawidzi\u0142am tego! Nawet na pogrzebie mamy podszed\u0142 do ojca jaki\u015b facet i cho\u0107 obok sta\u0142a trumna, a ojciec by\u0142 bladozielony to musia\u0142 wys\u0142ucha\u0107 opowie\u015bci co robi\u0142 \u00f3w facet w 39 roku.<br \/>\nJa od dziecka chcia\u0142am pisa\u0107. Pisa\u0142am opowiadania, powie\u015bci i wiersze. O dziennikarstwie nie my\u015bla\u0142am. Przypadek jednak sprawi\u0142, \u017ce zosta\u0142am dziennikark\u0105. Jednak! odziedziczy\u0142am zaw\u00f3d po tacie. Pierwszy tekst opublikowa\u0142am w \u015awiecie M\u0142odych. Mia\u0142am wtedy 15 lat i nie przyzna\u0142am si\u0119 rodzicom. W redakcji poprosi\u0142am, by nie podpisywa\u0107 go moim nazwiskiem. Ba\u0142am si\u0119. \u017be od razu padnie tekst: &#8222;tata za\u0142atwi\u0142&#8221;. Za dobrze pami\u0119ta\u0142am zdarzenie, gdy do szko\u0142y przyszli wybiera\u0107 dzieci do &#8222;Tic-taca&#8221;. Na nic zda\u0142y si\u0119 moje zapewnienia, \u017ce tata nie macza\u0142 w tym palc\u00f3w. \u017be nic nawet o tym nie wiedzia\u0142. Skro tata jest w telewizji to ten &#8222;Tik-tak&#8221; na pewno jest z jego inicjatywy. A gdy jeszcze okaza\u0142o si\u0119, \u017ce i mnie do &#8222;Tik-taka&#8221; chc\u0105, to ju\u017c na bank sprawka ojca.<br \/>\nTak by\u0142o przez lata! To dlatego gdy publikowa\u0142am pierwsze artyku\u0142y ojciec dowiadywa\u0142 si\u0119 o nich ostatni. \u017byczliwi wiedzieli jednak swoje. Sprawka ojca. Zadzwoni\u0142, za\u0142atwi\u0142 i wzi\u0119li! Gdy dosta\u0142am si\u0119 do telewizji te\u017c gadali, \u017ce wspi\u0119\u0142am si\u0119 tam po ojcowskich plecach. Cho\u0107 ojciec nie mia\u0142 zielonego poj\u0119cia, \u017ce z\u0142o\u017cy\u0142am w dyrekcji 5 scenariuszy program\u00f3w m\u0142odzie\u017cowych. Kiedy pewnego dnia spotka\u0142 mnie na korytarzu by\u0142 przekonany, \u017ce przysz\u0142am do niego na plotki i stra\u017cnik mnie wpu\u015bci\u0142.<br \/>\nPrawie wszystkie te pom\u00f3wienia sko\u0144czy\u0142y si\u0119 wraz z jego \u015bmierci\u0105. Gazeta Wyborcza opublikowa\u0142a moje wspomnienia o ojcu. Pierwszy tekst, przy pisaniu kt\u00f3rego tata na pewno nie m\u00f3g\u0142 mi pomoc. Chyba to otworzy\u0142o niekt\u00f3rym oczy. Kole\u017canki z telewizji p\u0142aka\u0142y, a koledzy m\u00f3wili, \u017ce jak umr\u0105 to ja mam o nich napisa\u0107.<br \/>\nJednak w kilka tygodni po pogrzebie wybuch\u0142a burza. Na wielkiej telewizyjnej imprezie w ekskluzywnym lokalu jedna z kole\u017canek po kilku kieliszkach w\u00f3dki wykrzycza\u0142a mi w twarz: &#8222;\u017baden z ciebie dziennikarz! Zawsze b\u0119dziesz w cieniu swojego ojca! Nie jeste\u015b tak dobra jak on. Jeste\u015b nikim!&#8221; Te\u017c by\u0142am po kieliszku, bo w ko\u0144cu \u015bwi\u0119towano otrzymanie przez Telewizyjny Kurier Warszawski nagrody, a \u017ce s\u0142owa kole\u017canki bola\u0142y jak cholera, wi\u0119c wydar\u0142am si\u0119 przekrzykuj\u0105c muzyk\u0119: &#8222;Jestem warto\u015bci\u0105 sama w sobie! Nikt nie da\u0142 ci prawa ocenia\u0107 jakim jestem dziennikarzem dop\u00f3ki moje wieko od trumny si\u0119 nie zamkn\u0119\u0142o! Poza tym, czy dlatego, \u017ce ojciec by\u0142 dziennikarzem to ja mam by\u0107 \u015bmieciarzem? Ja si\u0119 z nim nie \u015bcigam, bo ani mi to w g\u0142owie! Ja po prostu robi\u0119 swoje!&#8221;<br \/>\nMiesi\u0105c p\u00f3\u017aniej ta kole\u017canka przeprosi\u0142a mnie. Nie wiem, czy mia\u0142y na to wp\u0142yw moje artyku\u0142y, kt\u00f3re pono\u0107 podetkni\u0119to jej pod nos, czy film &#8222;Piosenki o naszej Warszawie&#8221;, kt\u00f3ry podobno pobi\u0142 redakcyjny rekord je\u015bli idzie o ilo\u015b\u0107 emisji na antenie. Czy mo\u017ce zadzia\u0142a\u0142a tu awantura, kt\u00f3r\u0105 zrobili jej inni staj\u0105c w mojej obronie. Nie ma to znaczenia. S\u0142owa zosta\u0142y powiedziane. Do dzi\u015b znajduj\u0105 si\u0119 tacy, kt\u00f3rzy je wypowiadaj\u0105.<br \/>\nTo dlatego ilekro\u0107 jestem \u015bwiadkiem jak kto\u015b m\u00f3wi, \u017ce jaki\u015b tam cz\u0142owiek jedzie na nazwisku ojca czy matki mam ch\u0119\u0107 wali\u0107 go po mordzie, krzycze\u0107 i rzuca\u0107 si\u0119 z pi\u0105chami. Czy tylko dlatego, \u017ce rodzice s\u0105 znanymi lud\u017ami ich dzieci maj\u0105 nie robi\u0107 tego o czym marz\u0105? Lepiej \u017ceby zosta\u0142y \u017culami?<br \/>\nM\u00f3j kumpel z dzieci\u0144stwa Bronek jest dzieckiem aktorskiej pary. Sam wielce aktorsko utalentowany, zabawia\u0142 nas skeczami, piosenakmi, wierszami, ale &#8230; zosta\u0142 psychologiem. Jako psychologa nikt nie oskar\u017cy go o jazd\u0119 na nazwisku rodzic\u00f3w. I cho\u0107 czuj\u0119, \u017ce w g\u0142\u0119bi duszy Bronek marzy\u0142 o aktorstwie, odbywa terapie z &#8230; wariatami.<br \/>\nJa tak nie chcia\u0142am. Chcia\u0142am pisa\u0107! Natalia Kukulska, Bracia Cugowscy i Enrique Iglesias chcieli \u015bpiewa\u0107. Gdy wyrasta si\u0119 w jakim\u015b domu, w kt\u00f3rym co\u015b jest tradycj\u0105 naturalnym jest, \u017ce dzieci przejmuj\u0105 zawody rodzic\u00f3w. Od ma\u0142ego wiedz\u0105 jak to si\u0119 robi. Wyrastaj\u0105 przecie\u017c w tym warsztacie. Cho\u0107 cz\u0119sto w pierwszych fazach \u017cycia buntuj\u0105 si\u0119 i m\u00f3wi\u0105, \u017ce nie s\u0105 tym zainteresowane. Ja tak m\u00f3wi\u0142am! Bo mia\u0142am pisa\u0107 ksi\u0105\u017cki, a nie reporta\u017ce, czy felietony. Nawet publikowa\u0142am wiersze i opowiadania. No i zarzeka\u0142am si\u0119, \u017ce nigdy nie przyjd\u0119 do telewizji. Spytacie co z talentem? Twierdz\u0119, \u017ce ka\u017cdy go ma. Tylko jedni mog\u0105 go rozwija\u0107, a inni dostaj\u0105 w dup\u0119 jak Janko Muzykant za kradzie\u017c skrzypek. Cholernie kiepsko jest mie\u0107 do czynienia ze z\u0142ym panem, kt\u00f3ry leje Janka Muzykanta. Lepiej jest spotyka\u0107 takich ludzi, kt\u00f3rzy daj\u0105 mu rozwin\u0105\u0107 skrzyd\u0142a. Mimo, \u017ce jego ojciec czy matka maj\u0105 znane nazwisko.<br \/>\nI co ciekawe. gdy syn szewca dziedziczy po ojcu szewski warsztat nikt nie wypomina mu tego. Nie zarzuca, \u017ce &#8222;ten to si\u0119 urodzi\u0142 w oparach butaprenu i klei\u0107 buty jest mu \u0142atwiej ni\u017c innym!&#8221; Dlaczego tak okrutni jeste\u015bmy, gdy rzecz tyczy si\u0119 zawod\u00f3w artystycznych? I to jest moje pytanie.<\/p>\n<p>COGITO 16\/2002 (182)<\/p>\n","protected":false},"excerpt":{"rendered":"<p>By\u0142am z wizyta u znajomych, kiedy radio nada\u0142o piosenk\u0119 braci Cugowskich. Dyskusja wywi\u0105za\u0142a si\u0119 od razu. Robi\u0105 karier\u0119 dzi\u0119ki ojcu. Taki zarzut pad\u0142 ze strony jednego z kumpli. Potem posypa\u0142 si\u0119 g\u0142osy, \u017ce gdy ma si\u0119 s\u0142awnych rodzic\u00f3w \u0142atwiej jest &hellip; <a href=\"http:\/\/piekarska.com.pl\/?page_id=1095\">Continue reading <span class=\"meta-nav\">&rarr;<\/span><\/a><\/p>\n","protected":false},"author":1,"featured_media":0,"parent":690,"menu_order":0,"comment_status":"closed","ping_status":"open","template":"","meta":{"_acf_changed":false,"footnotes":""},"class_list":["post-1095","page","type-page","status-publish","hentry"],"acf":[],"_links":{"self":[{"href":"http:\/\/piekarska.com.pl\/index.php?rest_route=\/wp\/v2\/pages\/1095","targetHints":{"allow":["GET"]}}],"collection":[{"href":"http:\/\/piekarska.com.pl\/index.php?rest_route=\/wp\/v2\/pages"}],"about":[{"href":"http:\/\/piekarska.com.pl\/index.php?rest_route=\/wp\/v2\/types\/page"}],"author":[{"embeddable":true,"href":"http:\/\/piekarska.com.pl\/index.php?rest_route=\/wp\/v2\/users\/1"}],"replies":[{"embeddable":true,"href":"http:\/\/piekarska.com.pl\/index.php?rest_route=%2Fwp%2Fv2%2Fcomments&post=1095"}],"version-history":[{"count":1,"href":"http:\/\/piekarska.com.pl\/index.php?rest_route=\/wp\/v2\/pages\/1095\/revisions"}],"predecessor-version":[{"id":1096,"href":"http:\/\/piekarska.com.pl\/index.php?rest_route=\/wp\/v2\/pages\/1095\/revisions\/1096"}],"up":[{"embeddable":true,"href":"http:\/\/piekarska.com.pl\/index.php?rest_route=\/wp\/v2\/pages\/690"}],"wp:attachment":[{"href":"http:\/\/piekarska.com.pl\/index.php?rest_route=%2Fwp%2Fv2%2Fmedia&parent=1095"}],"curies":[{"name":"wp","href":"https:\/\/api.w.org\/{rel}","templated":true}]}}