{"id":1117,"date":"2015-04-25T06:12:55","date_gmt":"2015-04-25T06:12:55","guid":{"rendered":"http:\/\/piekarska.com.pl\/?page_id=1117"},"modified":"2015-04-25T06:12:55","modified_gmt":"2015-04-25T06:12:55","slug":"klapki-na-nogach-uszach-i-oczach","status":"publish","type":"page","link":"http:\/\/piekarska.com.pl\/?page_id=1117","title":{"rendered":"Klapki na nogach, uszach i oczach"},"content":{"rendered":"<p>Czemu u nas ocenia si\u0119 ludzi po ubraniu? Podczas tych wakacji zadawa\u0142am sobie te pytania co najmniej sto razy, a mo\u017ce i wi\u0119cej?<\/p>\n<p><a href=\"http:\/\/piekarska.com.pl\/wp-content\/uploads\/2015\/04\/image008.gif\"><img loading=\"lazy\" decoding=\"async\" class=\"alignleft size-medium wp-image-1155\" src=\"http:\/\/piekarska.com.pl\/wp-content\/uploads\/2015\/04\/image008-300x208.gif\" alt=\"image008\" width=\"300\" height=\"208\" \/><\/a>Przylecia\u0142 do mnie m\u00f3j ukochany, kt\u00f3ry studiuje w Nowym Jorku. Tam nikt nie patrzy na to w co si\u0119 ubierasz. Nie jest te\u017c tak, \u017ce tw\u00f3j str\u00f3j \u015bwiadczy o tym jakiej muzyki s\u0142uchasz. A u nas?<br \/>\nW lipcowy dzie\u0144 m\u00f3j Daru\u015b ubrany w dres wybra\u0142 si\u0119 do Centrum. \u201eBo w Nowym Jorku wszyscy tak chodz\u0105! Oj nie przesadzaj Mi\u015bku nikt mnie za dresiarza nie we\u017amie\u201d \u2013 cytaty dos\u0142owne! Stwierdzi\u0142am, \u017ce si\u0119 nie wtr\u0105cam. Jak si\u0119 nie wywr\u00f3cisz to si\u0119 nie nauczysz! B\u0119c! Tyle, \u017ce ja polaz\u0142am do WOTu, a Darek po ciastka do cukierni, no i&#8230; Nie tylko wzi\u0119to go za bandyt\u0119 (obrotnego cz\u0142onka mafii, bo dresik to by\u0142 jaki\u015b markowy), obserwowano na parkingu czy nie wybija na porcelank\u0119 szybek w samochodzie, a w cukierni nie chciano wyda\u0107 reszty ze stu z\u0142otych. Nie! Musia\u0142 biedny biega\u0107 rozmienia\u0107, st\u00f3wk\u0119 brano pod ultrafiolet i przepuszczano przez skomplikowane badania z pluciem na znak wodny w\u0142\u0105cznie. To jeszcze na dodatek! Jakby tego by\u0142o ma\u0142o, moje s\u0105siadki z podw\u00f3rka poinformowa\u0142y inne s\u0105siadki, \u017ce do mnie przyjecha\u0142 dresiarz i &#8230; fan disco polo, a ten biedaczyna przywi\u00f3z\u0142 ze sob\u0105 p\u0142yty Offspring i Van Halen, a gdy w radio lecia\u0142 Ricky Martin twierdzi\u0142, \u017ce Ameryka oszala\u0142a do tego stopnia, i\u017c mia\u0142 cich\u0105 nadziej\u0119, \u017ce chocia\u017c tutaj odpocznie od portoryka\u0144skiego p\u00f3\u0142boga! Z Centrum wracali\u015bmy do domu niemal\u017ce na sygnale, gdybym mia\u0142a koguta na magnes to z pewno\u015bci\u0105 musia\u0142abym go u\u017cy\u0107, bo Darek musia\u0142 si\u0119 natychmiast przebra\u0107! Dres nie tylko poszed\u0142 na dno walizki, ale Darek nie chcia\u0142 nawet s\u0142ysze\u0107 tego s\u0142owa, w\u015bcieka\u0142 si\u0119 gdy\u015bmy w \u017cartach m\u00f3wili do niego \u201edresiarz\u201d i nad morzem, gdzie \u00f3w dres, zw\u0142aszcza wieczorami, bardzo by si\u0119 przyda\u0142 Darek chodzi\u0142 w d\u017cinsach. Zreszt\u0105 od owego pami\u0119tnego wyst\u0105pienia w dresie, ilekro\u0107 si\u0119 w co\u015b ubiera\u0142 to si\u0119 mnie pyta\u0142 czy nie wygl\u0105da jak za przeproszeniem waszym \u201ecwel\u201d.<br \/>\nNa polu campingowym w D\u0119bkach naprzeciwko naszej przyczepy campingowej sta\u0142 namiot z m\u0142odymi laskami, kt\u00f3re patrzy\u0142y na mnie z pogard\u0105 i g\u0142o\u015bno skrytykowa\u0142y moje zielono\u017c\u00f3\u0142te pla\u017cowe klapki. Wiecie: rasowy rockman &#8211; czytaj: \u201edobry cz\u0142owiek\u201d &#8211; chodzi na pla\u017c\u0119 w glanach! One tak chodzi\u0142y i nawet widzia\u0142am jak w czasie wielkiego upa\u0142u jedna z nich zdj\u0119\u0142a te glany, po czym siad\u0142a przed namiotem i nakleja\u0142a na nogi plastry w du\u017cej ilo\u015bci! Ale zmieni\u0142y stosunek do mnie, kiedy kt\u00f3rego\u015b dnia z przyczepy dobieg\u0142o ich Pearl Jam. Po klapkach sadzi\u0142y, \u017ce s\u0142ucham czego\u015b czego s\u0142uchaj\u0105 ludzie \u201egorsi\u201d. Zas\u0142yszane bowiem przeze mnie zdanie brzmia\u0142o: \u201epo klapkach sadzi\u0142am, \u017ce z ni\u0105 jest gorzej, a tu prosz\u0119 jak mi\u0142o! Klapki ma a Eddiego s\u0142ucha!\u201d Te laski zaprzyja\u017ani\u0142y si\u0119 zreszt\u0105 na kr\u00f3tk\u0105 chwil\u0119 z d\u0142ugow\u0142osymi ch\u0142opcami z namiotu obok, ale po pierwszym wsp\u00f3lnym wypadzie na pla\u017c\u0119 owa przyja\u017a\u0144 prys\u0142a. D\u0142ugow\u0142osi m\u0142odzie\u0144cy okre\u015bleni zostali przez owe laski \u201edyskomu\u0142ami\u201d. Sk\u0105d wiem? Pods\u0142ucha\u0142am rozmow\u0119 pod prysznicem w umywalni na polu. Swoj\u0105 drog\u0105 ciekawych rzeczy mo\u017cna si\u0119 tam dowiedzie\u0107. \u201eJak dysko s\u0142ucha to g\u0142upi, bo tylko g\u0142upi s\u0142ucha dysko\u201d. Od razu to zdanie skojarzy\u0142o mi si\u0119 z cytatem z filmu \u201eMi\u015b\u201d: \u201eTo pijak i z\u0142odziej, bo ka\u017cdy pijak to z\u0142odziej!\u201d<br \/>\nA ostatnio &#8230; wesz\u0142am do ma\u0142ego prywatnego sklepu muzycznego w centrum Warszawy. Chcia\u0142am zobaczy\u0107 czy jest co\u015b z polskich nowo\u015bci wydanych przez malutkie niezale\u017cne firmy fonograficzne. Zd\u0105\u017cy\u0142am tylko zada\u0107 pytanie \u201eczy jest co\u015b z nowo\u015bci&#8230;\u201d gdy przede mn\u0105 na ladzie wyl\u0105dowa\u0142a kaseta z zespo\u0142em M2, jest to duet fortepianowy. Spojrza\u0142am na swoje odbicie w szybie i zacz\u0119\u0142am si\u0119 zastanawia\u0107 czemu sprzedawca poda\u0142 mi w\u0142a\u015bnie to? Pisa\u0142am wam kiedy\u015b, \u017ce ubieram si\u0119 w zale\u017cno\u015bci od zadania, jakie mam do wykonania. Tego dnia wraca\u0142am z S\u0105du, wi\u0119c mia\u0142am na sobie d\u0142ug\u0105 sp\u00f3dnic\u0119 w wielkie kwiaty i letni \u017cakiecik, a na nogach tenis\u00f3wki z p\u0142\u00f3tna. Dosz\u0142am do wniosku, \u017ce najwyra\u017aniej tak chodz\u0105 ubrani s\u0142uchacze muzyki powa\u017cnej skoro p\u0142yt\u0119 z tak\u0105 muzyk\u0105 podsuni\u0119to mi pod nos.<br \/>\nKiedy kilka miesi\u0119cy temu g\u0142o\u015bno by\u0142o o konflikcie w TSA (kolejnym ju\u017c zreszt\u0105) us\u0142ysza\u0142am od jednego go\u015bcia, \u017ce Marek Piekarczyk i Andrzej Nowak s\u0105 rockmanami, bo &#8230; wygl\u0105daj\u0105 jak rockmani. Czyli rockmanem jest ten kto odpowiednio wygl\u0105da? Niby, \u017ce ma d\u0142ugie w\u0142osy nosi sk\u00f3r\u0119 i lubi Harleya. Jazzman ma br\u00f3dk\u0119 i czarny golf, a bluesman to taki co jest pomi\u0119dzy rockmanem a jazzmanem. Za\u015b disco polo wiadomo \u2013 dres! No i co? Kim wy jeste\u015bcie? A jak was odbieraj\u0105?<br \/>\nI tylko obrazoburczo pewnie dla niekt\u00f3rych pytam: a je\u015bli kto\u015b jest na przyk\u0142ad ci\u0119\u017cko chory i wi\u0119kszo\u015b\u0107 \u017cycia sp\u0119dza w \u0142\u00f3\u017cku? To co? Czy b\u0119dziemy go s\u0105dzi\u0107 po rzuciku pi\u017camki? \u017be jak w \u201ePszcz\u00f3\u0142k\u0119 Maj\u0119\u201d to fan Zbigniewa Wodeckiego, bo prawdziwy fan rocka to by sobie za\u0142atwi\u0142 pi\u017cam\u0119 w kolesi typu \u201eBeavis i Buthead\u201d, bo pi\u017cam z Metallic\u0105 si\u0119 chyba nie robi, ale &#8230; mo\u017ce jest to pomys\u0142? No i do tego (tu si\u0119 rozmarzy\u0142am) po\u015bciel w odpowiedni rzucik, kt\u00f3rej reklam\u0119 obowi\u0105zkowo zamie\u015bci \u201eMetal Hammer\u201d. Za\u015b dla fan\u00f3w piosenki poetyckiej poduszka w drobny wzorek z rysunkami z clipu \u201eCicho-sza\u201d Grzegorza Turnaua poparta reklam\u0105 zamieszczon\u0105 w naszym \u201eCogito\u201d obok stron Darka Nerkowskiego. A wszystko po to, by nawet pi\u017cam\u0105 i po\u015bciel\u0105 pokazywa\u0107 czego s\u0142uchamy.<br \/>\nA czy niewidomi te\u017c maj\u0105 na ubraniach wypisane to czego s\u0142uchaj\u0105? Czy naprawd\u0119 id\u0105c na pla\u017c\u0119 w klapkach na nogach to mam je jednocze\u015bnie na oczach, a zw\u0142aszcza na uszach? I tylko tak naprawd\u0119 m\u00f3j Daru\u015b jest biedny. Znienawidzi\u0142 sw\u00f3j ulubiony dres.<\/p>\n<p><em>Cogito nr 15\/99 (118) \u2013 27 wrze\u015bnia 1999 <\/em><\/p>\n","protected":false},"excerpt":{"rendered":"<p>Czemu u nas ocenia si\u0119 ludzi po ubraniu? Podczas tych wakacji zadawa\u0142am sobie te pytania co najmniej sto razy, a mo\u017ce i wi\u0119cej? Przylecia\u0142 do mnie m\u00f3j ukochany, kt\u00f3ry studiuje w Nowym Jorku. Tam nikt nie patrzy na to w &hellip; <a href=\"http:\/\/piekarska.com.pl\/?page_id=1117\">Continue reading <span class=\"meta-nav\">&rarr;<\/span><\/a><\/p>\n","protected":false},"author":1,"featured_media":0,"parent":690,"menu_order":0,"comment_status":"closed","ping_status":"open","template":"","meta":{"_acf_changed":false,"footnotes":""},"class_list":["post-1117","page","type-page","status-publish","hentry"],"acf":[],"_links":{"self":[{"href":"http:\/\/piekarska.com.pl\/index.php?rest_route=\/wp\/v2\/pages\/1117","targetHints":{"allow":["GET"]}}],"collection":[{"href":"http:\/\/piekarska.com.pl\/index.php?rest_route=\/wp\/v2\/pages"}],"about":[{"href":"http:\/\/piekarska.com.pl\/index.php?rest_route=\/wp\/v2\/types\/page"}],"author":[{"embeddable":true,"href":"http:\/\/piekarska.com.pl\/index.php?rest_route=\/wp\/v2\/users\/1"}],"replies":[{"embeddable":true,"href":"http:\/\/piekarska.com.pl\/index.php?rest_route=%2Fwp%2Fv2%2Fcomments&post=1117"}],"version-history":[{"count":2,"href":"http:\/\/piekarska.com.pl\/index.php?rest_route=\/wp\/v2\/pages\/1117\/revisions"}],"predecessor-version":[{"id":1156,"href":"http:\/\/piekarska.com.pl\/index.php?rest_route=\/wp\/v2\/pages\/1117\/revisions\/1156"}],"up":[{"embeddable":true,"href":"http:\/\/piekarska.com.pl\/index.php?rest_route=\/wp\/v2\/pages\/690"}],"wp:attachment":[{"href":"http:\/\/piekarska.com.pl\/index.php?rest_route=%2Fwp%2Fv2%2Fmedia&parent=1117"}],"curies":[{"name":"wp","href":"https:\/\/api.w.org\/{rel}","templated":true}]}}