{"id":720,"date":"2015-04-23T09:38:10","date_gmt":"2015-04-23T09:38:10","guid":{"rendered":"http:\/\/piekarska.com.pl\/?page_id=720"},"modified":"2015-04-26T17:24:11","modified_gmt":"2015-04-26T17:24:11","slug":"recenzja-z-mowia-wieki","status":"publish","type":"page","link":"http:\/\/piekarska.com.pl\/?page_id=720","title":{"rendered":"Recenzja z M\u00f3wi\u0105 Wieki"},"content":{"rendered":"<p><a href=\"http:\/\/piekarska.com.pl\/wp-content\/uploads\/2015\/04\/marynarz.jpg\"><img loading=\"lazy\" decoding=\"async\" class=\"alignleft size-medium wp-image-173\" src=\"http:\/\/piekarska.com.pl\/wp-content\/uploads\/2015\/04\/marynarz-212x300.jpg\" alt=\"marynarz\" width=\"212\" height=\"300\" srcset=\"http:\/\/piekarska.com.pl\/wp-content\/uploads\/2015\/04\/marynarz-212x300.jpg 212w, http:\/\/piekarska.com.pl\/wp-content\/uploads\/2015\/04\/marynarz-106x150.jpg 106w, http:\/\/piekarska.com.pl\/wp-content\/uploads\/2015\/04\/marynarz.jpg 290w\" sizes=\"auto, (max-width: 212px) 100vw, 212px\" \/><\/a>Zbigniew Piekarski, ucze\u0144 Szko\u0142y Morskiej w Tczewie, mia\u0142 dziewi\u0119tna\u015bcie lat, kiedy z niejasnych powod\u00f3w pope\u0142ni\u0142 samob\u00f3jstwo jesieni\u0105 1924 roku. Przedtem jednak przez rok uczy\u0142 si\u0119 w tej\u017ce szkole, p\u0142ywa\u0142 na szkolnym \u017caglowcu \u201eLw\u00f3w\u201d oraz pisa\u0142 regularnie listy i kartki do rodzic\u00f3w i babci. Te listy opublikowa\u0142a jego cioteczna wnuczka, urodzona prawie p\u00f3\u0142 wieku po jego \u015bmierci. Weso\u0142e i beztroskie, gdyby nie k\u0142ad\u0142 si\u0119 na nich cie\u0144 bliskiej tragedii, s\u0105 doskona\u0142ym \u017ar\u00f3d\u0142em do historii obyczaj\u00f3w, do dziej\u00f3w polskiej marynarki, i w og\u00f3le nale\u017c\u0105 do ksi\u0105\u017cek, kt\u00f3re \u2013 cho\u0107 nie m\u00f3wi\u0105 o tzw. wielkich sprawach \u2013 pozwalaj\u0105 lepiej pozna\u0107 dawne czasy i \u017cyj\u0105cych w nich ludzi, tak w gruncie rzeczy podobnych do nas, ni\u017c tajne akta z rz\u0105dowych archiw\u00f3w.<\/p>\n<div align=\"justify\">\n<p><em>Maciej Janowski,<br \/>\nM\u00f3wi\u0105 Wieki, nr 11 (575) listopad 2007<\/em><\/p>\n<\/div>\n","protected":false},"excerpt":{"rendered":"<p>Zbigniew Piekarski, ucze\u0144 Szko\u0142y Morskiej w Tczewie, mia\u0142 dziewi\u0119tna\u015bcie lat, kiedy z niejasnych powod\u00f3w pope\u0142ni\u0142 samob\u00f3jstwo jesieni\u0105 1924 roku. Przedtem jednak przez rok uczy\u0142 si\u0119 w tej\u017ce szkole, p\u0142ywa\u0142 na szkolnym \u017caglowcu \u201eLw\u00f3w\u201d oraz pisa\u0142 regularnie listy i kartki do &hellip; <a href=\"http:\/\/piekarska.com.pl\/?page_id=720\">Continue reading <span class=\"meta-nav\">&rarr;<\/span><\/a><\/p>\n","protected":false},"author":1,"featured_media":0,"parent":150,"menu_order":0,"comment_status":"closed","ping_status":"closed","template":"","meta":{"_acf_changed":false,"footnotes":""},"class_list":["post-720","page","type-page","status-publish","hentry"],"acf":[],"_links":{"self":[{"href":"http:\/\/piekarska.com.pl\/index.php?rest_route=\/wp\/v2\/pages\/720","targetHints":{"allow":["GET"]}}],"collection":[{"href":"http:\/\/piekarska.com.pl\/index.php?rest_route=\/wp\/v2\/pages"}],"about":[{"href":"http:\/\/piekarska.com.pl\/index.php?rest_route=\/wp\/v2\/types\/page"}],"author":[{"embeddable":true,"href":"http:\/\/piekarska.com.pl\/index.php?rest_route=\/wp\/v2\/users\/1"}],"replies":[{"embeddable":true,"href":"http:\/\/piekarska.com.pl\/index.php?rest_route=%2Fwp%2Fv2%2Fcomments&post=720"}],"version-history":[{"count":2,"href":"http:\/\/piekarska.com.pl\/index.php?rest_route=\/wp\/v2\/pages\/720\/revisions"}],"predecessor-version":[{"id":2496,"href":"http:\/\/piekarska.com.pl\/index.php?rest_route=\/wp\/v2\/pages\/720\/revisions\/2496"}],"up":[{"embeddable":true,"href":"http:\/\/piekarska.com.pl\/index.php?rest_route=\/wp\/v2\/pages\/150"}],"wp:attachment":[{"href":"http:\/\/piekarska.com.pl\/index.php?rest_route=%2Fwp%2Fv2%2Fmedia&parent=720"}],"curies":[{"name":"wp","href":"https:\/\/api.w.org\/{rel}","templated":true}]}}