{"id":725,"date":"2015-04-23T09:58:08","date_gmt":"2015-04-23T09:58:08","guid":{"rendered":"http:\/\/piekarska.com.pl\/?page_id=725"},"modified":"2021-04-26T12:01:14","modified_gmt":"2021-04-26T10:01:14","slug":"smierc-ktora-wstrzasnela-szkola-morska","status":"publish","type":"page","link":"http:\/\/piekarska.com.pl\/?page_id=725","title":{"rendered":"\u015amier\u0107, kt\u00f3ra wstrz\u0105sn\u0119\u0142a Szko\u0142\u0105 Morsk\u0105 &#8211; Tczew. Portal Pomorza."},"content":{"rendered":"<p><strong>Dlaczego m\u0142ody cz\u0142owiek \u2013 ucze\u0144 \u00f3wczesnej Szko\u0142y Morskiej pope\u0142ni\u0142 samob\u00f3jstwo? Dlaczego w og\u00f3le m\u0142odzi ludzie decyduj\u0105 si\u0119 na ten ostateczny i straszny krok? Czy z historii 19-letniego Zbigniewa Piekarskiego mo\u017cna si\u0119 czego\u015b nauczy\u0107, by w por\u0119 zapobiega\u0107 podobnym tragediom?<\/strong><br \/>\n<a href=\"http:\/\/piekarska.com.pl\/wp-content\/uploads\/2015\/04\/tczew04.jpg\"><img loading=\"lazy\" decoding=\"async\" class=\"alignleft size-medium wp-image-726\" src=\"http:\/\/piekarska.com.pl\/wp-content\/uploads\/2015\/04\/tczew04-201x300.jpg\" alt=\"tczew04\" width=\"201\" height=\"300\" srcset=\"http:\/\/piekarska.com.pl\/wp-content\/uploads\/2015\/04\/tczew04-201x300.jpg 201w, http:\/\/piekarska.com.pl\/wp-content\/uploads\/2015\/04\/tczew04.jpg 685w\" sizes=\"auto, (max-width: 201px) 100vw, 201px\" \/><\/a>Na te pytania pr\u00f3bowa\u0142a odpowiedzie\u0107 pisarka i dziennikarka, a prywatnie krewna ch\u0142opaka &#8211; Ma\u0142gorzata Karolina Piekarska, podczas spotkania z uczniami I Liceum Og\u00f3lnokszta\u0142c\u0105cego w Miejskiej Bibliotece Publicznej.<br \/>\nI LO jest po\u015brednio spadkobierc\u0105 tradycji Szko\u0142y Morskiej. Jego losy opisuje ksi\u0105\u017cka \u201eDziewi\u0119tnastoletni marynarz\u201d. Sk\u0142adaj\u0105 si\u0119 na ni\u0105 listy Zbigniewa Piekarskiego do rodziny. To tak\u017ce zapis historii szko\u0142y, Tczewa i \u017cycia jego mieszka\u0144c\u00f3w okresu 20-lecia mi\u0119dzywojennego.<br \/>\nPiekarski w wieku 19 lat pope\u0142ni\u0142 samob\u00f3jstwo, prawdopodobnie z powodu nieszcz\u0119\u015bliwej mi\u0142o\u015bci. Jego gr\u00f3b znajduje si\u0119 na Cmentarzu Starym przy ul. 30 Stycznia (obok grobu lekarza Szko\u0142y Morskiej Floriana H\u0142aski).<\/p>\n<p><strong>Poszukiwanie \u017ar\u00f3de\u0142<\/strong><\/p>\n<p>Pisarka opowiada\u0142a jak pewnego dnia, przegl\u0105daj\u0105c stare papiery, znalaz\u0142a w niej kopert\u0119, kt\u00f3rej zawarto\u015b\u0107 od raz zwr\u00f3ci\u0142a jej uwag\u0119. Koperta mia\u0142a napis \u201e\u015amier\u0107 Zbyszka\u201d. Wypad\u0142y z niej zdj\u0119cie w trumnie, zeznania \u015bwiadk\u00f3w z policji, szarfy \u017ca\u0142obne, nekrolog, telegramy oraz zdj\u0119cia prywatne i z dokumentacji. Cz\u0119\u015b\u0107 pochodzi\u0142a z Muzeum Morskiego na \u015al\u0105sku. Z dokument\u00f3w, kt\u00f3re trafi\u0142y z rodzinnego archiwum do Szko\u0142y Morskiej by\u0142a m.in. legitymacja szkolna Zbigniewa. Jej fotokopi\u0119 zaprezentowano podczas spotkania. Legitymacja okaza\u0142a si\u0119 jedyn\u0105 zachowan\u0105 tego typu szkoln\u0105 pami\u0105tk\u0105.<br \/>\n&#8211; Przeszukiwa\u0142am tak\u017ce archiwalne numery gazet z lat 20. \u2013 wspomina autorka. \u2013 Natkn\u0119\u0142am si\u0119 na artyku\u0142, m\u00f3wi\u0105cy o tym, \u017ce przyczyn\u0105 m\u00f3g\u0142 by\u0107 zaw\u00f3d mi\u0142osny. Nie jest to jednak dla mnie jaki\u015b stuprocentowy dow\u00f3d. Te\u017c jestem dziennikarzem i wiem, \u017ce gazety pisz\u0105 r\u00f3\u017cne rzeczy. Czasem kto\u015b co\u015b powie prawdopodobnego, ale niekoniecznie pewnego.<\/p>\n<p><strong>Trudno\u015bci j\u0119zykowe<\/strong><\/p>\n<p>Autorka zwr\u00f3ci\u0142a uwag\u0119, \u017ce samo dotarcie do list\u00f3w ch\u0142opaka nie oznacza\u0142o sukcesu.&nbsp; Pojawi\u0142 si\u0119 k\u0142opot, by je w\u0142a\u015bciwie zrozumie\u0107, poniewa\u017c by\u0142y napisane z b\u0142\u0119dami ortograficznymi. Znaczenia niekt\u00f3rych takich \u201epotwork\u00f3w\u201d s\u0142ownych ostatecznie trudno by\u0142o si\u0119 domy\u015bli\u0107\u2026 Jednym z nich jest np. \u201epronstator\u201d.<br \/>\nMimo to listy s\u0105 ciekawym zapisem tego, co si\u0119 w\u00f3wczas dzia\u0142o w Tczewie, np. relacja z pokazu ps\u00f3w i nie tylko. Jest w nich mowa o zadymach podczas wycieczek, a nawet szkolne skandale. Listy, a w\u015br\u00f3d nich kartki z Dunkierki, Anglii, pokazuj\u0105 te\u017c bli\u017cszy kontakt ch\u0142opaka z matk\u0105 ni\u017c z ojcem.<\/p>\n<p><strong><a href=\"http:\/\/piekarska.com.pl\/wp-content\/uploads\/2015\/04\/tczew16.jpg\"><img loading=\"lazy\" decoding=\"async\" class=\" size-medium wp-image-729 alignright\" src=\"http:\/\/piekarska.com.pl\/wp-content\/uploads\/2015\/04\/tczew16-300x201.jpg\" alt=\"tczew16\" width=\"300\" height=\"201\" srcset=\"http:\/\/piekarska.com.pl\/wp-content\/uploads\/2015\/04\/tczew16-300x201.jpg 300w, http:\/\/piekarska.com.pl\/wp-content\/uploads\/2015\/04\/tczew16.jpg 1024w\" sizes=\"auto, (max-width: 300px) 100vw, 300px\" \/><\/a>Ok. 22.00 we wtorek wyszed\u0142 z klasy\u2026<\/strong><\/p>\n<p>Ostatni list z 16 listopada 1924 r. nie wskazuje zupe\u0142nie, \u017ce mog\u0142o doj\u015b\u0107 do nieszcz\u0119\u015bcia.<br \/>\nW ksi\u0105\u017cce znajdziemy opis zezna\u0144 \u015bwiadk\u00f3w &#8211; koleg\u00f3w, nauczycieli. Jest mowa o tym, \u017ce podczas warsztat\u00f3w ch\u0142opak wydawa\u0142 si\u0119 spokojny. Nie wydawa\u0142 si\u0119 zbyt zestresowany zbli\u017caj\u0105c\u0105 si\u0119 klas\u00f3wk\u0105. \u201eOk. godz. 22 wyszed\u0142 z klasy, a po 10 czy 14 minutach dowiedzia\u0142em si\u0119, \u017ce nie \u017cyje.\u201d \u2013 wspomina jego szkolny kolega. Wiadomo jeszcze, \u017ce przed \u015bmierci\u0105 przeczyta\u0142 list od matki.<\/p>\n<p><strong>List kolegi<\/strong><\/p>\n<p>Kiedy w 2005 r. ukaza\u0142a si\u0119 w prasie recenzja ksi\u0105\u017cki, do pisarki zg\u0142osi\u0142 si\u0119 dziennikarz, twierdz\u0105c, \u017ce ma list jaki do jego ojca napisa\u0142 jeden z jego koleg\u00f3w z Tczewa, Zbigniew Wojciechowski. Opisywa\u0142 on m.in. okoliczno\u015bci \u015bmierci Piekarskiego.<br \/>\n\u201eW\u0142a\u015bciwie nie mia\u0142em zamiaru ju\u017c do Was pisa\u0107, bo z mojej strony by\u0142oby to wyrazem braku ambicji. Tylekro\u0107 razy zwraca\u0142em si\u0119 do Was listownie, ale pozostawa\u0142o to bez echa. (\u2026) Nosi\u0142em si\u0119 z zamiarem nie pisania wi\u0119cej. Niestety w ostatnim czasie pojawi\u0142y si\u0119 wypadki, o kt\u00f3rych moim obowi\u0105zkiem jest Wam o nich donie\u015b\u0107, cho\u0107 na pewno nie dowiedzieliby\u015bcie si\u0119 o tym nie wcze\u015bniej ni\u017c na Bo\u017ce Narodzenie. Jednym z fakt\u00f3w jest usuni\u0119cie Tolka ze szko\u0142y. Igra\u0142, igra\u0142 i si\u0119 doigra\u0142.\u201d<\/p>\n<p>Dalej jest mowa o tym, \u017ce zwr\u00f3cono si\u0119 do ojca ucznia z propozycj\u0105 odebrania Tolka ze szko\u0142y. Wkr\u00f3tce ch\u0142opak zosta\u0142 skre\u015blony z listy uczni\u00f3w.<br \/>\n\u201eW ten spos\u00f3b pozbyli\u015bmy si\u0119 jednego kolegi. Niestety nie ma w\u015br\u00f3d nas ma\u0142ego Piekarskiego, kt\u00f3ry pope\u0142ni\u0142 \u015bmier\u0107 samob\u00f3jcz\u0105 przez powieszenie. Kto wie co mu strzeli\u0142o do g\u0142owy. Ca\u0142y czas we wtorek by\u0142 wes\u00f3\u0142. Pali\u0142, dowcipkowa\u0142. By\u0142 jak zwykle. W pewnej chwili poprosi\u0142 o klucze do szafki. Nikt niczego nie podejrzewa\u0142\u201d. Po jakim\u015b czasie klasa dowiedzia\u0142a si\u0119 o nieszcz\u0119\u015bciu.<br \/>\nCh\u0142opiec powiesi\u0142 si\u0119 na trzecim pi\u0119trze szko\u0142y.<\/p>\n<p><strong><a href=\"http:\/\/piekarska.com.pl\/wp-content\/uploads\/2015\/04\/tczew14.jpg\"><img loading=\"lazy\" decoding=\"async\" class=\"alignleft size-medium wp-image-727\" src=\"http:\/\/piekarska.com.pl\/wp-content\/uploads\/2015\/04\/tczew14-201x300.jpg\" alt=\"tczew14\" width=\"201\" height=\"300\" srcset=\"http:\/\/piekarska.com.pl\/wp-content\/uploads\/2015\/04\/tczew14-201x300.jpg 201w, http:\/\/piekarska.com.pl\/wp-content\/uploads\/2015\/04\/tczew14.jpg 685w\" sizes=\"auto, (max-width: 201px) 100vw, 201px\" \/><\/a>Pozosta\u0142y tylko domys\u0142y<\/strong><\/p>\n<p>\u017badne przes\u0142anki szkolne ani rodzinne nie t\u0142umacz\u0105 w spos\u00f3b bezsporny przyczyny samob\u00f3jstwa. Nawet informacja o tym, \u017ce brat odbi\u0142 mu dziewczyn\u0119.<br \/>\n&#8211; Z tego co si\u0119 dowiedzia\u0142am, zbieraj\u0105c informacje w rodzinie, by\u0142a to mi\u0142o\u015b\u0107, kt\u00f3rej nigdy nie wyzna\u0142, dziej\u0105ca si\u0119 w jego g\u0142owie \u2013 m\u00f3wi\u0142a Ma\u0142gorzata Karolina Piekarska. &#8211; Najwyra\u017aniej brat go ubieg\u0142, a on nie umia\u0142 sobie z tym poradzi\u0107. Moja prababcia pochowa\u0142a trzech syn\u00f3w, wnuka i m\u0119\u017ca. Tak wygl\u0105da \u017cycie i tak si\u0119 czasem tocz\u0105 losy.<br \/>\nAutorka przyzna\u0142a, \u017ce zebranie materia\u0142u do ksi\u0105\u017cki by\u0142o bardzo pracoch\u0142onne. Nie wystarczy\u0142o dotarcie do archiw\u00f3w rodzinnych, dokument\u00f3w i pami\u0105tek szkolnych. Bardzo trudno by\u0142o znale\u017a\u0107 osoby, kt\u00f3re \u017cy\u0142y w tamtych latach. Z uwagi na fakt, \u017ce historia dotyka bezpo\u015brednio jej rodziny by\u0142o to te\u017c nie\u0142atwe prze\u017cycie emocjonalnie.<\/p>\n<p><strong>Pytania i dyskusja<\/strong><\/p>\n<p>W dyskusji Bo\u017cena Deja-Ga\u0142ecka, nauczycielka historii z I LO przyzna\u0142a, \u017ce zawsze zajmuj\u0105c si\u0119 histori\u0105 szko\u0142y chcia\u0142a dowiedzie\u0107 si\u0119 kim by\u0142 Zbigniew Piekarski i dlaczego w\u0142a\u015bciwie zgin\u0105\u0142.<br \/>\n&#8211; Pierwszy raz us\u0142ysza\u0142am, te histori\u0119 \u2013 stwierdzi\u0142a Angelina Obrzut, uczennica Ib z ILO. &#8211; Przekona\u0142a mnie wersja o nieszcz\u0119\u015bliwej mi\u0142o\u015bci. Ch\u0119tnie przeczytam t\u0119 ksi\u0105\u017ck\u0119. Interesuj\u0119 si\u0119 histori\u0105. Lubi\u0119 czyta\u0107. Chc\u0119 w ten spos\u00f3b dowiedzie\u0107 si\u0119 czego\u015b o mojej szkole i samym Tczewie. Je\u015bli chodzi o spotkanie obawiam si\u0119, \u017ce niekiedy interpretacja list\u00f3w przez autork\u0119 mo\u017ce si\u0119 nieco r\u00f3\u017cni\u0107 od intencji tego ch\u0142opaka.<\/p>\n<p><em>Tczew, Portal Pomorza, wrzesie\u0144 2009<br \/>\nWawrzyniec Mocny<br \/>\n\u017ar\u00f3d\u0142o: <a href=\"http:\/\/tczew.portalpomorza.pl\/index.php?option=com_content&amp;task=view&amp;id=3062&amp;Itemid=34\" target=\"_blank\" rel=\"noopener\">http:\/\/tczew.portalpomorza.pl\/index.php?option=com_content&amp;task=view&amp;id=3062&amp;Itemid=34<\/a><\/em><\/p>\n<p>&nbsp;<\/p>\n","protected":false},"excerpt":{"rendered":"<p>Dlaczego m\u0142ody cz\u0142owiek \u2013 ucze\u0144 \u00f3wczesnej Szko\u0142y Morskiej pope\u0142ni\u0142 samob\u00f3jstwo? Dlaczego w og\u00f3le m\u0142odzi ludzie decyduj\u0105 si\u0119 na ten ostateczny i straszny krok? Czy z historii 19-letniego Zbigniewa Piekarskiego mo\u017cna si\u0119 czego\u015b nauczy\u0107, by w por\u0119 zapobiega\u0107 podobnym tragediom? Na &hellip; <a href=\"http:\/\/piekarska.com.pl\/?page_id=725\">Continue reading <span class=\"meta-nav\">&rarr;<\/span><\/a><\/p>\n","protected":false},"author":1,"featured_media":0,"parent":150,"menu_order":0,"comment_status":"closed","ping_status":"open","template":"","meta":{"_acf_changed":false,"footnotes":""},"class_list":["post-725","page","type-page","status-publish","hentry"],"acf":[],"_links":{"self":[{"href":"http:\/\/piekarska.com.pl\/index.php?rest_route=\/wp\/v2\/pages\/725","targetHints":{"allow":["GET"]}}],"collection":[{"href":"http:\/\/piekarska.com.pl\/index.php?rest_route=\/wp\/v2\/pages"}],"about":[{"href":"http:\/\/piekarska.com.pl\/index.php?rest_route=\/wp\/v2\/types\/page"}],"author":[{"embeddable":true,"href":"http:\/\/piekarska.com.pl\/index.php?rest_route=\/wp\/v2\/users\/1"}],"replies":[{"embeddable":true,"href":"http:\/\/piekarska.com.pl\/index.php?rest_route=%2Fwp%2Fv2%2Fcomments&post=725"}],"version-history":[{"count":3,"href":"http:\/\/piekarska.com.pl\/index.php?rest_route=\/wp\/v2\/pages\/725\/revisions"}],"predecessor-version":[{"id":76608,"href":"http:\/\/piekarska.com.pl\/index.php?rest_route=\/wp\/v2\/pages\/725\/revisions\/76608"}],"up":[{"embeddable":true,"href":"http:\/\/piekarska.com.pl\/index.php?rest_route=\/wp\/v2\/pages\/150"}],"wp:attachment":[{"href":"http:\/\/piekarska.com.pl\/index.php?rest_route=%2Fwp%2Fv2%2Fmedia&parent=725"}],"curies":[{"name":"wp","href":"https:\/\/api.w.org\/{rel}","templated":true}]}}