{"id":935,"date":"2015-04-24T07:13:54","date_gmt":"2015-04-24T07:13:54","guid":{"rendered":"http:\/\/piekarska.com.pl\/?page_id=935"},"modified":"2015-04-26T16:29:38","modified_gmt":"2015-04-26T16:29:38","slug":"recenzja-z-bloga-kochajmy-ksiazki","status":"publish","type":"page","link":"http:\/\/piekarska.com.pl\/?page_id=935","title":{"rendered":"Recenzja z bloga &#8222;Kochajmy ksi\u0105\u017cki&#8221;"},"content":{"rendered":"<p><a href=\"http:\/\/piekarska.com.pl\/wp-content\/uploads\/2015\/04\/kpc.jpg\"><img loading=\"lazy\" decoding=\"async\" class=\"alignleft size-medium wp-image-167\" src=\"http:\/\/piekarska.com.pl\/wp-content\/uploads\/2015\/04\/kpc-222x300.jpg\" alt=\"kpc\" width=\"222\" height=\"300\" srcset=\"http:\/\/piekarska.com.pl\/wp-content\/uploads\/2015\/04\/kpc-222x300.jpg 222w, http:\/\/piekarska.com.pl\/wp-content\/uploads\/2015\/04\/kpc-111x150.jpg 111w, http:\/\/piekarska.com.pl\/wp-content\/uploads\/2015\/04\/kpc.jpg 532w\" sizes=\"auto, (max-width: 222px) 100vw, 222px\" \/><\/a>Ju\u017c dawno s\u0142ysza\u0142am sporo pozytywnych opinii o tej ksi\u0105\u017cce. Niedawno w ksi\u0119garniach pojawi\u0142o si\u0119 jej wznowienie, wi\u0119c czym pr\u0119dzej kupi\u0142am. I dobrze.<\/p>\n<p>Powie\u015b\u0107 opowiada o grupie gimnazjalist\u00f3w, kt\u00f3rzy trafiaj\u0105 do jednej klasy i spotykaj\u0105 si\u0119 na pocz\u0105tku gimnazjum. M\u00f3wi o wielu bohaterach, przedstawiaj\u0105c problemy uczni\u00f3w. Ma\u0142gosia jest niepozorn\u0105 i cich\u0105 dziewczyn\u0105, molem ksi\u0105\u017ckowym. Kamila, z pocz\u0105tku sprawiaj\u0105ca wra\u017cenie przyjemnej wkr\u00f3tce okazuje si\u0119 niesta\u0142a w uczuciach. Maciek, sympatyczny i dowcipny, uwielbia gra\u0107 w Scrabble. Ka\u015bka jest osob\u0105 z\u0142o\u015bliwa, dokuczliwa i wywy\u017cszaj\u0105ca si\u0119 nad innych, przez co, prawie nikt jej nie lubi. Czarny Micha\u0142 z pozoru jest do niej bardzo podobny. Najlepsz\u0105 uczennic\u0105 w klasie jest Kinga. Wychowawczyni\u0105 tej grupy zostaje pani Barbara Czajka, nauczycielka bardzo ceniona przez uczni\u00f3w, g\u0142\u00f3wnie za swoj\u0105 sprawiedliwo\u015b\u0107.<\/p>\n<p>Ksi\u0105\u017cka bardzo wci\u0105gaj\u0105ca. Wydarzenia z \u017cycia bohater\u00f3w \u015bledzi si\u0119 szybko, \u017cal oderwa\u0107 si\u0119 cho\u0107 na chwil\u0119. Poza tym my\u015bl\u0119, \u017ce dobrze ukazuje rozterki i rado\u015bci m\u0142odzie\u017cy. Nie wiem jak mocno jest osadzona w realiach gimnazjum, bo to b\u0119d\u0119 mog\u0142a sprawdzi\u0107 dopiero po wakacjach \ud83d\ude42 Ale wa\u017cne, \u017ce owa pozycja jest napisana przyjemnym i przyst\u0119pnym j\u0119zykiem, wci\u0105ga, a do bohater\u00f3w si\u0119 przywi\u0105zujemy.<\/p>\n<p>Tak naprawd\u0119 jest to zbi\u00f3r opowiada\u0144, kt\u00f3re niegdy\u015b by\u0142y wydawane w &#8222;Victorze Gimnazjali\u015bcie&#8221;. Czasem wi\u0119c niekt\u00f3re wydarzenia s\u0105 przypominane, ca\u0142o\u015b\u0107 mo\u017ce jest mniej sp\u00f3jna ni\u017ali powie\u015b\u0107. A jednak mog\u0119 z czystym sumieniem stwierdzi\u0107, \u017ce to jest \u015bwietne. Swoj\u0105 drog\u0105 czytam &#8222;Victora Juniora&#8221;, kt\u00f3ry jest nazywany &#8222;m\u0142odszym bratem Victora Gimnazjalisty&#8221;. W nim te\u017c ukazuj\u0105 si\u0119 r\u00f3\u017cnego rodzaju opowiadania, m\u00f3wi\u0105ce g\u0142\u00f3wnie o problemach innych. Jest te\u017c seria o klasie, w kt\u00f3rej ka\u017cdy nast\u0119pny odcinek m\u00f3wi o innym uczniu. Tyle, \u017ce ci\u0119\u017cko por\u00f3wnywa\u0107 &#8222;Klas\u0119 pani Czajki&#8221; do tych opowiada\u0144. S\u0105 zupe\u0142nie na innym poziomie. Szkoda, \u017ce w &#8222;Victorze Juniorze&#8221; nie okazuje si\u0119 nic r\u00f3wnie ciekawego.<\/p>\n<p>Polecam wszystkim do przeczytania. Ksi\u0105\u017cka jest naprawd\u0119 \u015bwietna i my\u015bl\u0119, \u017ce raczej nikt si\u0119 nie zawiedzie.<\/p>\n<p>Tygrysek,<br \/>\n31 maja 2008,<br \/>\n<a href=\"http:\/\/kochajmy-ksiazki.blog.onet.pl\/2,ID320459466,DA2008-05-31,index.html\" target=\"_blank\">http:\/\/kochajmy-ksiazki.blog.onet.pl\/2,ID320459466,DA2008-05-31,index.html<\/a>15<\/p>\n<p>&nbsp;<\/p>\n","protected":false},"excerpt":{"rendered":"<p>Ju\u017c dawno s\u0142ysza\u0142am sporo pozytywnych opinii o tej ksi\u0105\u017cce. Niedawno w ksi\u0119garniach pojawi\u0142o si\u0119 jej wznowienie, wi\u0119c czym pr\u0119dzej kupi\u0142am. I dobrze. Powie\u015b\u0107 opowiada o grupie gimnazjalist\u00f3w, kt\u00f3rzy trafiaj\u0105 do jednej klasy i spotykaj\u0105 si\u0119 na pocz\u0105tku gimnazjum. M\u00f3wi o &hellip; <a href=\"http:\/\/piekarska.com.pl\/?page_id=935\">Continue reading <span class=\"meta-nav\">&rarr;<\/span><\/a><\/p>\n","protected":false},"author":1,"featured_media":0,"parent":1932,"menu_order":0,"comment_status":"closed","ping_status":"closed","template":"","meta":{"_acf_changed":false,"footnotes":""},"class_list":["post-935","page","type-page","status-publish","hentry"],"acf":[],"_links":{"self":[{"href":"http:\/\/piekarska.com.pl\/index.php?rest_route=\/wp\/v2\/pages\/935","targetHints":{"allow":["GET"]}}],"collection":[{"href":"http:\/\/piekarska.com.pl\/index.php?rest_route=\/wp\/v2\/pages"}],"about":[{"href":"http:\/\/piekarska.com.pl\/index.php?rest_route=\/wp\/v2\/types\/page"}],"author":[{"embeddable":true,"href":"http:\/\/piekarska.com.pl\/index.php?rest_route=\/wp\/v2\/users\/1"}],"replies":[{"embeddable":true,"href":"http:\/\/piekarska.com.pl\/index.php?rest_route=%2Fwp%2Fv2%2Fcomments&post=935"}],"version-history":[{"count":2,"href":"http:\/\/piekarska.com.pl\/index.php?rest_route=\/wp\/v2\/pages\/935\/revisions"}],"predecessor-version":[{"id":2353,"href":"http:\/\/piekarska.com.pl\/index.php?rest_route=\/wp\/v2\/pages\/935\/revisions\/2353"}],"up":[{"embeddable":true,"href":"http:\/\/piekarska.com.pl\/index.php?rest_route=\/wp\/v2\/pages\/1932"}],"wp:attachment":[{"href":"http:\/\/piekarska.com.pl\/index.php?rest_route=%2Fwp%2Fv2%2Fmedia&parent=935"}],"curies":[{"name":"wp","href":"https:\/\/api.w.org\/{rel}","templated":true}]}}